{"id":1977,"date":"2026-04-29T11:59:55","date_gmt":"2026-04-29T11:59:55","guid":{"rendered":"https:\/\/dmp.hu\/?page_id=1977"},"modified":"2026-04-29T12:14:16","modified_gmt":"2026-04-29T12:14:16","slug":"introduction-dr-varga-benedek","status":"publish","type":"page","link":"https:\/\/dmp.hu\/en\/introduction-dr-varga-benedek\/","title":{"rendered":"Introduction Dr. Varga Benedek"},"content":{"rendered":"<p>[et_pb_section fb_built=&#8221;1&#8243; _builder_version=&#8221;4.16&#8243; _module_preset=&#8221;default&#8221; use_background_color_gradient=&#8221;on&#8221; background_color_gradient_direction=&#8221;-135deg&#8221; background_color_gradient_stops=&#8221;#56a8dd 0%|#194179 100%&#8221; background_color_gradient_start=&#8221;#56a8dd&#8221; background_color_gradient_end=&#8221;#194179&#8243; background_enable_video_mp4=&#8221;off&#8221; background_video_height=&#8221;800&#8243; custom_margin=&#8221;0px||0px||false|false&#8221; custom_padding=&#8221;0px||0px||false|false&#8221; global_colors_info=&#8221;{}&#8221;][et_pb_row use_custom_gutter=&#8221;on&#8221; gutter_width=&#8221;1&#8243; custom_padding_last_edited=&#8221;on|phone&#8221; _builder_version=&#8221;4.16&#8243; _module_preset=&#8221;default&#8221; background_enable_color=&#8221;off&#8221; width=&#8221;100%&#8221; max_width=&#8221;2560px&#8221; custom_margin=&#8221;0px||0px||false|false&#8221; custom_padding=&#8221;50px||50px||false|false&#8221; custom_padding_tablet=&#8221;50px||50px||false|false&#8221; custom_padding_phone=&#8221;50px||50px||false|false&#8221; animation_style=&#8221;fade&#8221; animation_direction=&#8221;left&#8221; global_colors_info=&#8221;{}&#8221;][et_pb_column type=&#8221;4_4&#8243; _builder_version=&#8221;4.16&#8243; _module_preset=&#8221;default&#8221; custom_padding=&#8221;|5%||5%|false|false&#8221; global_colors_info=&#8221;{}&#8221;][et_pb_text _builder_version=&#8221;4.17.6&#8243; _module_preset=&#8221;default&#8221; text_font=&#8221;Roboto|900||on|||||&#8221; text_text_color=&#8221;#FFFFFF&#8221; text_font_size=&#8221;40px&#8221; text_letter_spacing=&#8221;1px&#8221; text_line_height=&#8221;1.1em&#8221; header_font=&#8221;|800||on|||||&#8221; header_text_align=&#8221;center&#8221; header_text_color=&#8221;#FFFFFF&#8221; header_font_size=&#8221;40px&#8221; header_letter_spacing=&#8221;1px&#8221; header_line_height=&#8221;1.1em&#8221; text_orientation=&#8221;center&#8221; max_width=&#8221;800px&#8221; module_alignment=&#8221;center&#8221; animation_style=&#8221;fade&#8221; text_font_size_tablet=&#8221;26px&#8221; text_font_size_phone=&#8221;22px&#8221; text_font_size_last_edited=&#8221;on|phone&#8221; header_font_size_tablet=&#8221;26px&#8221; header_font_size_phone=&#8221;22px&#8221; header_font_size_last_edited=&#8221;on|phone&#8221; global_colors_info=&#8221;{}&#8221;]<\/p>\n<p>Introduction<\/p>\n<p>[\/et_pb_text][\/et_pb_column][\/et_pb_row][\/et_pb_section][et_pb_section fb_built=&#8221;1&#8243; _builder_version=&#8221;4.16&#8243; _module_preset=&#8221;default&#8221; background_enable_color=&#8221;off&#8221; global_colors_info=&#8221;{}&#8221;][et_pb_row column_structure=&#8221;1_3,2_3&#8243; make_equal=&#8221;on&#8221; _builder_version=&#8221;4.16&#8243; _module_preset=&#8221;default&#8221; global_colors_info=&#8221;{}&#8221;][et_pb_column type=&#8221;1_3&#8243; module_class=&#8221;vertical-align&#8221; _builder_version=&#8221;4.16&#8243; _module_preset=&#8221;default&#8221; global_colors_info=&#8221;{}&#8221;][et_pb_image src=&#8221;https:\/\/dmp.hu\/wp-content\/uploads\/2026\/04\/Dr-Varga-Benedek.jpg&#8221; alt=&#8221;Dr. Varga Benedek&#8221; title_text=&#8221;Dr-Varga-Benedek&#8221; _builder_version=&#8221;4.27.5&#8243; _module_preset=&#8221;default&#8221; max_width=&#8221;100%&#8221; module_alignment=&#8221;center&#8221; animation_style=&#8221;fade&#8221; box_shadow_style=&#8221;preset2&#8243; global_colors_info=&#8221;{}&#8221;][\/et_pb_image][\/et_pb_column][et_pb_column type=&#8221;2_3&#8243; module_class=&#8221;vertical-align&#8221; _builder_version=&#8221;4.16&#8243; _module_preset=&#8221;default&#8221; global_colors_info=&#8221;{}&#8221;][et_pb_text _builder_version=&#8221;4.27.5&#8243; _module_preset=&#8221;default&#8221; text_font=&#8221;Roboto|900||on|||||&#8221; text_text_color=&#8221;#194179&#8243; text_font_size=&#8221;22px&#8221; text_letter_spacing=&#8221;1px&#8221; text_line_height=&#8221;1.4em&#8221; custom_margin=&#8221;||5px||false|false&#8221; global_colors_info=&#8221;{}&#8221;]<\/p>\n<p>dr. Varga Benedek<\/p>\n<p>[\/et_pb_text][et_pb_text _builder_version=&#8221;4.24.1&#8243; _module_preset=&#8221;default&#8221; header_font=&#8221;|800|||||||&#8221; header_text_color=&#8221;#2d2d2d&#8221; header_font_size=&#8221;20px&#8221; custom_margin=&#8221;||22px||false|false&#8221; header_font_size_tablet=&#8221;20px&#8221; header_font_size_phone=&#8221;18px&#8221; header_font_size_last_edited=&#8221;on|desktop&#8221; global_colors_info=&#8221;{}&#8221;]<\/p>\n<h1>GDPR lawyer<\/h1>\n<p>[\/et_pb_text][et_pb_text _builder_version=&#8221;4.27.5&#8243; _module_preset=&#8221;default&#8221; text_orientation=&#8221;justified&#8221; global_colors_info=&#8221;{}&#8221;]<\/p>\n<p>I first became involved in the field of data protection during my law studies and legal internship, and I have been working primarily in this area ever since. Currently, as a data protection lawyer, I perform the tasks entrusted to me, primarily in the areas of data protection consulting and legal opinions, as well as the development of internal policies.<\/p>\n<p>I graduated from the Faculty of Law at the University of P\u00e9cs, where I began to delve deeper into data protection and the legal compliance of artificial intelligence while writing my thesis. I carry out my work in Hungarian and English, and occasionally also in German, which enables me to work effectively in an international environment.<\/p>\n<p>[\/et_pb_text][et_pb_social_media_follow disabled_on=&#8221;on|on|on&#8221; _builder_version=&#8221;4.27.5&#8243; _module_preset=&#8221;default&#8221; disabled=&#8221;on&#8221; locked=&#8221;off&#8221; global_colors_info=&#8221;{}&#8221;][et_pb_social_media_follow_network social_network=&#8221;linkedin&#8221; url=&#8221;https:\/\/www.linkedin.com\/in\/dr-miklos-peter\/&#8221; _builder_version=&#8221;4.24.1&#8243; _module_preset=&#8221;default&#8221; background_color=&#8221;#194179&#8243; background_enable_color=&#8221;on&#8221; global_colors_info=&#8221;{}&#8221; follow_button=&#8221;off&#8221; url_new_window=&#8221;on&#8221;]linkedin[\/et_pb_social_media_follow_network][\/et_pb_social_media_follow][\/et_pb_column][\/et_pb_row][\/et_pb_section]<\/p>\n","protected":false},"excerpt":{"rendered":"<p>Currently, as a data protection lawyer, I perform the tasks entrusted to me, primarily in the areas of data protection consulting and legal opinions, as well as the development of internal policies.<\/p>\n","protected":false},"author":6,"featured_media":1940,"parent":0,"menu_order":0,"comment_status":"closed","ping_status":"closed","template":"","meta":{"_et_pb_use_builder":"on","_et_pb_old_content":"","_et_gb_content_width":"","footnotes":""},"class_list":["post-1977","page","type-page","status-publish","has-post-thumbnail","hentry"],"yoast_head":"<!-- This site is optimized with the Yoast SEO Premium plugin v27.0 (Yoast SEO v27.0) - https:\/\/yoast.com\/product\/yoast-seo-premium-wordpress\/ -->\n<title>Introduction Dr. Varga Benedek - dr. Mikl\u00f3s P\u00e9ter adatv\u00e9delmi jog\u00e1sz<\/title>\n<meta name=\"description\" content=\"GDPR lawyer, specialised in data protection consulting, legal opinions and the development of internal policies. Contact us now!\" \/>\n<meta name=\"robots\" content=\"index, follow, max-snippet:-1, max-image-preview:large, max-video-preview:-1\" \/>\n<link rel=\"canonical\" href=\"https:\/\/dmp.hu\/en\/introduction-dr-varga-benedek\/\" \/>\n<meta property=\"og:locale\" content=\"en_US\" \/>\n<meta property=\"og:type\" content=\"article\" \/>\n<meta property=\"og:title\" content=\"Introduction Dr. Varga Benedek\" \/>\n<meta property=\"og:description\" content=\"GDPR lawyer, specialised in data protection consulting, legal opinions and the development of internal policies. Contact us now!\" \/>\n<meta property=\"og:url\" content=\"https:\/\/dmp.hu\/en\/introduction-dr-varga-benedek\/\" \/>\n<meta property=\"og:site_name\" content=\"dr. Mikl\u00f3s P\u00e9ter adatv\u00e9delmi jog\u00e1sz\" \/>\n<meta property=\"article:modified_time\" content=\"2026-04-29T12:14:16+00:00\" \/>\n<meta property=\"og:image\" content=\"https:\/\/dmp.hu\/wp-content\/uploads\/2026\/04\/Dr-Varga-Benedek.jpg\" \/>\n\t<meta property=\"og:image:width\" content=\"600\" \/>\n\t<meta property=\"og:image:height\" content=\"899\" \/>\n\t<meta property=\"og:image:type\" content=\"image\/jpeg\" \/>\n<meta name=\"twitter:card\" content=\"summary_large_image\" \/>\n<meta name=\"twitter:label1\" content=\"Est. reading time\" \/>\n\t<meta name=\"twitter:data1\" content=\"2 minutes\" \/>\n<script type=\"application\/ld+json\" class=\"yoast-schema-graph\">{\"@context\":\"https:\/\/schema.org\",\"@graph\":[{\"@type\":\"WebPage\",\"@id\":\"https:\/\/dmp.hu\/en\/introduction-dr-varga-benedek\/\",\"url\":\"https:\/\/dmp.hu\/en\/introduction-dr-varga-benedek\/\",\"name\":\"Introduction Dr. Varga Benedek - dr. Mikl\u00f3s P\u00e9ter adatv\u00e9delmi jog\u00e1sz\",\"isPartOf\":{\"@id\":\"https:\/\/dmp.hu\/#website\"},\"primaryImageOfPage\":{\"@id\":\"https:\/\/dmp.hu\/en\/introduction-dr-varga-benedek\/#primaryimage\"},\"image\":{\"@id\":\"https:\/\/dmp.hu\/en\/introduction-dr-varga-benedek\/#primaryimage\"},\"thumbnailUrl\":\"https:\/\/dmp.hu\/wp-content\/uploads\/2026\/04\/Dr-Varga-Benedek.jpg\",\"datePublished\":\"2026-04-29T11:59:55+00:00\",\"dateModified\":\"2026-04-29T12:14:16+00:00\",\"description\":\"GDPR lawyer, specialised in data protection consulting, legal opinions and the development of internal policies. Contact us now!\",\"breadcrumb\":{\"@id\":\"https:\/\/dmp.hu\/en\/introduction-dr-varga-benedek\/#breadcrumb\"},\"inLanguage\":\"en-US\",\"potentialAction\":[{\"@type\":\"ReadAction\",\"target\":[\"https:\/\/dmp.hu\/en\/introduction-dr-varga-benedek\/\"]}]},{\"@type\":\"ImageObject\",\"inLanguage\":\"en-US\",\"@id\":\"https:\/\/dmp.hu\/en\/introduction-dr-varga-benedek\/#primaryimage\",\"url\":\"https:\/\/dmp.hu\/wp-content\/uploads\/2026\/04\/Dr-Varga-Benedek.jpg\",\"contentUrl\":\"https:\/\/dmp.hu\/wp-content\/uploads\/2026\/04\/Dr-Varga-Benedek.jpg\",\"width\":600,\"height\":899,\"caption\":\"Dr. Varga Benedek\"},{\"@type\":\"BreadcrumbList\",\"@id\":\"https:\/\/dmp.hu\/en\/introduction-dr-varga-benedek\/#breadcrumb\",\"itemListElement\":[{\"@type\":\"ListItem\",\"position\":1,\"name\":\"Home\",\"item\":\"https:\/\/dmp.hu\/en\/\"},{\"@type\":\"ListItem\",\"position\":2,\"name\":\"Introduction Dr. Varga Benedek\"}]},{\"@type\":\"WebSite\",\"@id\":\"https:\/\/dmp.hu\/#website\",\"url\":\"https:\/\/dmp.hu\/\",\"name\":\"dr. Mikl\u00f3s P\u00e9ter adatv\u00e9delmi jog\u00e1sz\",\"description\":\"dr. Mikl\u00f3s P\u00e9ter adatv\u00e9delmi jog\u00e1sz\",\"potentialAction\":[{\"@type\":\"SearchAction\",\"target\":{\"@type\":\"EntryPoint\",\"urlTemplate\":\"https:\/\/dmp.hu\/?s={search_term_string}\"},\"query-input\":{\"@type\":\"PropertyValueSpecification\",\"valueRequired\":true,\"valueName\":\"search_term_string\"}}],\"inLanguage\":\"en-US\"}]}<\/script>\n<!-- \/ Yoast SEO Premium plugin. -->","yoast_head_json":{"title":"Introduction Dr. Varga Benedek - dr. Mikl\u00f3s P\u00e9ter adatv\u00e9delmi jog\u00e1sz","description":"GDPR lawyer, specialised in data protection consulting, legal opinions and the development of internal policies. Contact us now!","robots":{"index":"index","follow":"follow","max-snippet":"max-snippet:-1","max-image-preview":"max-image-preview:large","max-video-preview":"max-video-preview:-1"},"canonical":"https:\/\/dmp.hu\/en\/introduction-dr-varga-benedek\/","og_locale":"en_US","og_type":"article","og_title":"Introduction Dr. Varga Benedek","og_description":"GDPR lawyer, specialised in data protection consulting, legal opinions and the development of internal policies. Contact us now!","og_url":"https:\/\/dmp.hu\/en\/introduction-dr-varga-benedek\/","og_site_name":"dr. Mikl\u00f3s P\u00e9ter adatv\u00e9delmi jog\u00e1sz","article_modified_time":"2026-04-29T12:14:16+00:00","og_image":[{"width":600,"height":899,"url":"https:\/\/dmp.hu\/wp-content\/uploads\/2026\/04\/Dr-Varga-Benedek.jpg","type":"image\/jpeg"}],"twitter_card":"summary_large_image","twitter_misc":{"Est. reading time":"2 minutes"},"schema":{"@context":"https:\/\/schema.org","@graph":[{"@type":"WebPage","@id":"https:\/\/dmp.hu\/en\/introduction-dr-varga-benedek\/","url":"https:\/\/dmp.hu\/en\/introduction-dr-varga-benedek\/","name":"Introduction Dr. Varga Benedek - dr. Mikl\u00f3s P\u00e9ter adatv\u00e9delmi jog\u00e1sz","isPartOf":{"@id":"https:\/\/dmp.hu\/#website"},"primaryImageOfPage":{"@id":"https:\/\/dmp.hu\/en\/introduction-dr-varga-benedek\/#primaryimage"},"image":{"@id":"https:\/\/dmp.hu\/en\/introduction-dr-varga-benedek\/#primaryimage"},"thumbnailUrl":"https:\/\/dmp.hu\/wp-content\/uploads\/2026\/04\/Dr-Varga-Benedek.jpg","datePublished":"2026-04-29T11:59:55+00:00","dateModified":"2026-04-29T12:14:16+00:00","description":"GDPR lawyer, specialised in data protection consulting, legal opinions and the development of internal policies. Contact us now!","breadcrumb":{"@id":"https:\/\/dmp.hu\/en\/introduction-dr-varga-benedek\/#breadcrumb"},"inLanguage":"en-US","potentialAction":[{"@type":"ReadAction","target":["https:\/\/dmp.hu\/en\/introduction-dr-varga-benedek\/"]}]},{"@type":"ImageObject","inLanguage":"en-US","@id":"https:\/\/dmp.hu\/en\/introduction-dr-varga-benedek\/#primaryimage","url":"https:\/\/dmp.hu\/wp-content\/uploads\/2026\/04\/Dr-Varga-Benedek.jpg","contentUrl":"https:\/\/dmp.hu\/wp-content\/uploads\/2026\/04\/Dr-Varga-Benedek.jpg","width":600,"height":899,"caption":"Dr. Varga Benedek"},{"@type":"BreadcrumbList","@id":"https:\/\/dmp.hu\/en\/introduction-dr-varga-benedek\/#breadcrumb","itemListElement":[{"@type":"ListItem","position":1,"name":"Home","item":"https:\/\/dmp.hu\/en\/"},{"@type":"ListItem","position":2,"name":"Introduction Dr. Varga Benedek"}]},{"@type":"WebSite","@id":"https:\/\/dmp.hu\/#website","url":"https:\/\/dmp.hu\/","name":"dr. Mikl\u00f3s P\u00e9ter adatv\u00e9delmi jog\u00e1sz","description":"dr. Mikl\u00f3s P\u00e9ter adatv\u00e9delmi jog\u00e1sz","potentialAction":[{"@type":"SearchAction","target":{"@type":"EntryPoint","urlTemplate":"https:\/\/dmp.hu\/?s={search_term_string}"},"query-input":{"@type":"PropertyValueSpecification","valueRequired":true,"valueName":"search_term_string"}}],"inLanguage":"en-US"}]}},"_links":{"self":[{"href":"https:\/\/dmp.hu\/en\/wp-json\/wp\/v2\/pages\/1977","targetHints":{"allow":["GET"]}}],"collection":[{"href":"https:\/\/dmp.hu\/en\/wp-json\/wp\/v2\/pages"}],"about":[{"href":"https:\/\/dmp.hu\/en\/wp-json\/wp\/v2\/types\/page"}],"author":[{"embeddable":true,"href":"https:\/\/dmp.hu\/en\/wp-json\/wp\/v2\/users\/6"}],"replies":[{"embeddable":true,"href":"https:\/\/dmp.hu\/en\/wp-json\/wp\/v2\/comments?post=1977"}],"version-history":[{"count":9,"href":"https:\/\/dmp.hu\/en\/wp-json\/wp\/v2\/pages\/1977\/revisions"}],"predecessor-version":[{"id":1989,"href":"https:\/\/dmp.hu\/en\/wp-json\/wp\/v2\/pages\/1977\/revisions\/1989"}],"wp:featuredmedia":[{"embeddable":true,"href":"https:\/\/dmp.hu\/en\/wp-json\/wp\/v2\/media\/1940"}],"wp:attachment":[{"href":"https:\/\/dmp.hu\/en\/wp-json\/wp\/v2\/media?parent=1977"}],"curies":[{"name":"wp","href":"https:\/\/api.w.org\/{rel}","templated":true}]}}